{"id":333,"date":"2021-07-05T11:35:00","date_gmt":"2021-07-05T11:35:00","guid":{"rendered":"https:\/\/naturheilpraxis-andrea-nawka.de\/?page_id=333"},"modified":"2022-05-20T13:02:47","modified_gmt":"2022-05-20T13:02:47","slug":"funktionelle-entspannung-2","status":"publish","type":"page","link":"https:\/\/naturheilpraxis-andrea-nawka.de\/index.php\/funktionelle-entspannung-2\/","title":{"rendered":"Funktionelle Entspannung"},"content":{"rendered":"\t\t<div data-elementor-type=\"wp-page\" data-elementor-id=\"333\" class=\"elementor elementor-333\">\n\t\t\t\t\t\t\t\t\t<section class=\"elementor-section elementor-top-section elementor-element elementor-element-3228508e elementor-section-boxed elementor-section-height-default elementor-section-height-default\" data-id=\"3228508e\" data-element_type=\"section\">\n\t\t\t\t\t\t<div class=\"elementor-container elementor-column-gap-default\">\n\t\t\t\t\t<div class=\"elementor-column elementor-col-100 elementor-top-column elementor-element elementor-element-36b52454\" data-id=\"36b52454\" data-element_type=\"column\">\n\t\t\t<div class=\"elementor-widget-wrap elementor-element-populated\">\n\t\t\t\t\t\t\t\t<div class=\"elementor-element elementor-element-7dc1f741 elementor-widget elementor-widget-spacer\" data-id=\"7dc1f741\" data-element_type=\"widget\" data-widget_type=\"spacer.default\">\n\t\t\t\t<div class=\"elementor-widget-container\">\n\t\t\t\t\t<div class=\"elementor-spacer\">\n\t\t\t<div class=\"elementor-spacer-inner\"><\/div>\n\t\t<\/div>\n\t\t\t\t<\/div>\n\t\t\t\t<\/div>\n\t\t\t\t\t<\/div>\n\t\t<\/div>\n\t\t\t\t\t\t\t<\/div>\n\t\t<\/section>\n\t\t\t\t<section class=\"elementor-section elementor-top-section elementor-element elementor-element-4aa0a0f6 elementor-section-boxed elementor-section-height-default elementor-section-height-default\" data-id=\"4aa0a0f6\" data-element_type=\"section\">\n\t\t\t\t\t\t\t<div class=\"elementor-background-overlay\"><\/div>\n\t\t\t\t\t\t\t<div class=\"elementor-container elementor-column-gap-default\">\n\t\t\t\t\t<div class=\"elementor-column elementor-col-33 elementor-top-column elementor-element elementor-element-260814db\" data-id=\"260814db\" data-element_type=\"column\">\n\t\t\t<div class=\"elementor-widget-wrap elementor-element-populated\">\n\t\t\t\t\t\t\t\t<div class=\"elementor-element elementor-element-fb496c0 elementor-widget elementor-widget-image\" data-id=\"fb496c0\" data-element_type=\"widget\" data-widget_type=\"image.default\">\n\t\t\t\t<div class=\"elementor-widget-container\">\n\t\t\t\t\t\t\t\t\t\t\t\t\t\t\t\t<a href=\"https:\/\/naturheilpraxis-andrea-nawka.de\/\">\n\t\t\t\t\t\t\t<img decoding=\"async\" width=\"141\" height=\"179\" src=\"https:\/\/naturheilpraxis-andrea-nawka.de\/wp-content\/uploads\/2021\/07\/LogoAndreaWeb.png\" class=\"attachment-medium_large size-medium_large\" alt=\"\" loading=\"lazy\" \/>\t\t\t\t\t\t\t\t<\/a>\n\t\t\t\t\t\t\t\t\t\t\t\t\t\t\t<\/div>\n\t\t\t\t<\/div>\n\t\t\t\t\t<\/div>\n\t\t<\/div>\n\t\t\t\t<div class=\"elementor-column elementor-col-33 elementor-top-column elementor-element elementor-element-48a9f547\" data-id=\"48a9f547\" data-element_type=\"column\">\n\t\t\t<div class=\"elementor-widget-wrap elementor-element-populated\">\n\t\t\t\t\t\t\t\t<div class=\"elementor-element elementor-element-1a22c507 elementor-widget elementor-widget-heading\" data-id=\"1a22c507\" data-element_type=\"widget\" data-widget_type=\"heading.default\">\n\t\t\t\t<div class=\"elementor-widget-container\">\n\t\t\t<h2 class=\"elementor-heading-title elementor-size-default\"><a href=\"https:\/\/naturheilpraxis-andrea-nawka.de\/\">Praxis f\u00fcr <br>Naturheilverfahren <\/a><\/h2>\t\t<\/div>\n\t\t\t\t<\/div>\n\t\t\t\t<div class=\"elementor-element elementor-element-4b26fa02 elementor-widget elementor-widget-heading\" data-id=\"4b26fa02\" data-element_type=\"widget\" data-widget_type=\"heading.default\">\n\t\t\t\t<div class=\"elementor-widget-container\">\n\t\t\t<h2 class=\"elementor-heading-title elementor-size-default\"><a href=\"https:\/\/naturheilpraxis-andrea-nawka.de\/\">Dr. med. Andrea Nawka<\/a><\/h2>\t\t<\/div>\n\t\t\t\t<\/div>\n\t\t\t\t\t<\/div>\n\t\t<\/div>\n\t\t\t\t<div class=\"elementor-column elementor-col-33 elementor-top-column elementor-element elementor-element-64e23294\" data-id=\"64e23294\" data-element_type=\"column\">\n\t\t\t<div class=\"elementor-widget-wrap elementor-element-populated\">\n\t\t\t\t\t\t\t\t<div class=\"elementor-element elementor-element-11819d7e eael_simple_menu_hamburger_disable_selected_menu_no eael-simple-menu-hamburger-align-eael-simple-menu-hamburger-align-right elementor-widget elementor-widget-eael-simple-menu\" data-id=\"11819d7e\" data-element_type=\"widget\" data-widget_type=\"eael-simple-menu.default\">\n\t\t\t\t<div class=\"elementor-widget-container\">\n\t\t\t<div data-hamburger-icon=\"&lt;i aria-hidden=&quot;true&quot; class=&quot;fas fa-bars&quot;&gt;&lt;\/i&gt;\" data-indicator-class=\"fas fa-angle-down\" data-dropdown-indicator-class=\"fas fa-angle-down\" class=\"eael-simple-menu-container eael-simple-menu-align-right eael-simple-menu-dropdown-align-left preset-1\"><ul id=\"menu-hauptmenue\" class=\"eael-simple-menu eael-simple-menu-dropdown-animate-to-top eael-simple-menu-indicator eael-simple-menu-horizontal\"><li id=\"menu-item-267\" class=\"menu-item menu-item-type-post_type menu-item-object-page menu-item-267\"><a href=\"https:\/\/naturheilpraxis-andrea-nawka.de\/index.php\/mein-anliegen\/\">Mein Anliegen<\/a><\/li>\n<li id=\"menu-item-269\" class=\"menu-item menu-item-type-post_type menu-item-object-page menu-item-269\"><a href=\"https:\/\/naturheilpraxis-andrea-nawka.de\/index.php\/ueber-mich\/\">\u00dcber mich<\/a><\/li>\n<li id=\"menu-item-550\" class=\"menu-item menu-item-type-custom menu-item-object-custom menu-item-has-children menu-item-550\"><a href=\"#\">Therapieangebot<\/a>\n<ul class=\"sub-menu\">\n\t<li id=\"menu-item-270\" class=\"menu-item menu-item-type-post_type menu-item-object-page menu-item-270\"><a href=\"https:\/\/naturheilpraxis-andrea-nawka.de\/index.php\/therapieangebot\/\">Naturheilverfahren<\/a><\/li>\n\t<li id=\"menu-item-335\" class=\"menu-item menu-item-type-post_type menu-item-object-page menu-item-335\"><a href=\"https:\/\/naturheilpraxis-andrea-nawka.de\/index.php\/funktionelle-entspannung-2\/\">Funktionelle Entspannung<\/a><\/li>\n<\/ul>\n<\/li>\n<li id=\"menu-item-268\" class=\"menu-item menu-item-type-post_type menu-item-object-page menu-item-268\"><a href=\"https:\/\/naturheilpraxis-andrea-nawka.de\/index.php\/kontakt\/\">Kontakt<\/a><\/li>\n<\/ul><\/div>\t\t<\/div>\n\t\t\t\t<\/div>\n\t\t\t\t\t<\/div>\n\t\t<\/div>\n\t\t\t\t\t\t\t<\/div>\n\t\t<\/section>\n\t\t\t\t<section class=\"elementor-section elementor-top-section elementor-element elementor-element-3d5a5cbe elementor-section-boxed elementor-section-height-default elementor-section-height-default\" data-id=\"3d5a5cbe\" data-element_type=\"section\">\n\t\t\t\t\t\t<div class=\"elementor-container elementor-column-gap-default\">\n\t\t\t\t\t<div class=\"elementor-column elementor-col-100 elementor-top-column elementor-element elementor-element-31f606d9\" data-id=\"31f606d9\" data-element_type=\"column\">\n\t\t\t<div class=\"elementor-widget-wrap elementor-element-populated\">\n\t\t\t\t\t\t\t\t<div class=\"elementor-element elementor-element-64857876 elementor-widget elementor-widget-spacer\" data-id=\"64857876\" data-element_type=\"widget\" data-widget_type=\"spacer.default\">\n\t\t\t\t<div class=\"elementor-widget-container\">\n\t\t\t\t\t<div class=\"elementor-spacer\">\n\t\t\t<div class=\"elementor-spacer-inner\"><\/div>\n\t\t<\/div>\n\t\t\t\t<\/div>\n\t\t\t\t<\/div>\n\t\t\t\t<div class=\"elementor-element elementor-element-6cbe561 elementor-widget elementor-widget-heading\" data-id=\"6cbe561\" data-element_type=\"widget\" data-widget_type=\"heading.default\">\n\t\t\t\t<div class=\"elementor-widget-container\">\n\t\t\t<h2 class=\"elementor-heading-title elementor-size-default\">Funktionelle Entspannung<\/h2>\t\t<\/div>\n\t\t\t\t<\/div>\n\t\t\t\t\t<\/div>\n\t\t<\/div>\n\t\t\t\t\t\t\t<\/div>\n\t\t<\/section>\n\t\t\t\t<section class=\"elementor-section elementor-top-section elementor-element elementor-element-1c4d08e1 elementor-section-boxed elementor-section-height-default elementor-section-height-default\" data-id=\"1c4d08e1\" data-element_type=\"section\" data-settings=\"{&quot;background_background&quot;:&quot;classic&quot;}\">\n\t\t\t\t\t\t<div class=\"elementor-container elementor-column-gap-default\">\n\t\t\t\t\t<div class=\"elementor-column elementor-col-50 elementor-top-column elementor-element elementor-element-197361a1\" data-id=\"197361a1\" data-element_type=\"column\">\n\t\t\t<div class=\"elementor-widget-wrap elementor-element-populated\">\n\t\t\t\t\t\t\t\t<div class=\"elementor-element elementor-element-b88f775 elementor-widget elementor-widget-text-editor\" data-id=\"b88f775\" data-element_type=\"widget\" data-widget_type=\"text-editor.default\">\n\t\t\t\t<div class=\"elementor-widget-container\">\n\t\t\t\t\t\t\t<p>\u201eDie Funktionelle Entspannung versteht sich als <strong>k\u00f6rperzentrierte psychodynamische Psychotherapiemethode<\/strong>. Sie geht von einem ganzheitlichen Menschenbild aus, in dem das K\u00f6rpererleben im Zentrum steht. Dar\u00fcber soll eine bessere Selbstakzeptanz und eine Bef\u00e4higung zur Selbstregulation vermittelt werden. Beides sind wichtige Voraussetzungen f\u00fcr subjektives Wohlbefinden und gelingende Beziehungen.\u201c (s. <a href=\"http:\/\/www.afe-deutschland.de\">www.afe-deutschland.de<\/a>)<\/p><p>Das Augenmerk richtet sich in dieser Therapie auf die individuelle K\u00f6rper-\/Leib &#8211; Erfahrung. \u00a0Im Dialog mit der Therapeutin wird eine subtile Wahrnehmung angeregt \u2013 die ,subjektive Anatomie` er-innert und ersp\u00fcrt.<\/p><p>Diese Selbst-Wahrnehmung wirkt zur\u00fcck auf leibliche Funktionen, die vom autonomen vegetativen Nervensystem gesteuert werden. Eine besondere Vermittlungsfunktion hat hier unser Atemrhythmus. An den Atemrhythmus gekn\u00fcpfte Bewegungs- und Ausdrucks-Impulse erm\u00f6glichen es Blockierungen wahrzunehmen und zu l\u00f6sen.<\/p>\t\t\t\t\t\t<\/div>\n\t\t\t\t<\/div>\n\t\t\t\t\t<\/div>\n\t\t<\/div>\n\t\t\t\t<div class=\"elementor-column elementor-col-50 elementor-top-column elementor-element elementor-element-6c1f8511\" data-id=\"6c1f8511\" data-element_type=\"column\">\n\t\t\t<div class=\"elementor-widget-wrap elementor-element-populated\">\n\t\t\t\t\t\t\t\t<div class=\"elementor-element elementor-element-49e4c9f elementor-widget elementor-widget-text-editor\" data-id=\"49e4c9f\" data-element_type=\"widget\" data-widget_type=\"text-editor.default\">\n\t\t\t\t<div class=\"elementor-widget-container\">\n\t\t\t\t\t\t\t<p class=\"p1\"><span class=\"s1\">F\u00fcr das ganz Eigene, Erfahrene eine Sprache zu finden und damit in der therapeutischen Beziehung in den Austausch zu treten, l\u00e4sst leib &#8211; seelische Zusammenh\u00e4nge und Entsprechungen sowie ungel\u00f6ste Konflikte einf\u00fchlbar und dem Bewusstsein zug\u00e4nglich werden.\u00a0\u00a0<\/span><\/p><p class=\"p1\"><span class=\"s1\">Die Funktionelle Entspannung hat sich u.a. in der psychotherapeutischen Begleitung von Menschen mit psycho &#8211; somatischen Erkrankungen, chronischen Krankheiten und chronischen Schmerzen bew\u00e4hrt. Auch im Bereich der Pr\u00e4vention, des Stress-Managements, der Psychohygiene und Rehabilitation wird die FE erfolgreich eingesetzt. Sie kann Einzeln oder in Gruppen vermittelt werden.<\/span><\/p>\t\t\t\t\t\t<\/div>\n\t\t\t\t<\/div>\n\t\t\t\t\t<\/div>\n\t\t<\/div>\n\t\t\t\t\t\t\t<\/div>\n\t\t<\/section>\n\t\t\t\t<section class=\"elementor-section elementor-top-section elementor-element elementor-element-33607a72 elementor-section-height-min-height elementor-section-content-bottom elementor-section-boxed elementor-section-height-default elementor-section-items-middle\" data-id=\"33607a72\" data-element_type=\"section\" data-settings=\"{&quot;background_background&quot;:&quot;classic&quot;}\">\n\t\t\t\t\t\t<div class=\"elementor-container elementor-column-gap-default\">\n\t\t\t\t\t<div class=\"elementor-column elementor-col-100 elementor-top-column elementor-element elementor-element-9148b2d\" data-id=\"9148b2d\" data-element_type=\"column\">\n\t\t\t<div class=\"elementor-widget-wrap elementor-element-populated\">\n\t\t\t\t\t\t\t\t<section class=\"elementor-section elementor-inner-section elementor-element elementor-element-75be4f5b elementor-section-height-min-height elementor-section-boxed elementor-section-height-default\" data-id=\"75be4f5b\" data-element_type=\"section\">\n\t\t\t\t\t\t<div class=\"elementor-container elementor-column-gap-default\">\n\t\t\t\t\t<div class=\"elementor-column elementor-col-33 elementor-inner-column elementor-element elementor-element-3a7e500c\" data-id=\"3a7e500c\" data-element_type=\"column\">\n\t\t\t<div class=\"elementor-widget-wrap elementor-element-populated\">\n\t\t\t\t\t\t\t\t<div class=\"elementor-element elementor-element-17d42d4e elementor-widget elementor-widget-text-editor\" data-id=\"17d42d4e\" data-element_type=\"widget\" data-widget_type=\"text-editor.default\">\n\t\t\t\t<div class=\"elementor-widget-container\">\n\t\t\t\t\t\t\t<p style=\"text-align: right;\"><a href=\"https:\/\/naturheilpraxis-andrea-nawka.de\/index.php\/impressum\/\">Impressum<\/a>\u00a0<\/p>\t\t\t\t\t\t<\/div>\n\t\t\t\t<\/div>\n\t\t\t\t\t<\/div>\n\t\t<\/div>\n\t\t\t\t<div class=\"elementor-column elementor-col-33 elementor-inner-column elementor-element elementor-element-1370172b\" data-id=\"1370172b\" data-element_type=\"column\">\n\t\t\t<div class=\"elementor-widget-wrap\">\n\t\t\t\t\t\t\t\t\t<\/div>\n\t\t<\/div>\n\t\t\t\t<div class=\"elementor-column elementor-col-33 elementor-inner-column elementor-element elementor-element-723b423e\" data-id=\"723b423e\" data-element_type=\"column\">\n\t\t\t<div class=\"elementor-widget-wrap elementor-element-populated\">\n\t\t\t\t\t\t\t\t<div class=\"elementor-element elementor-element-55359e9c elementor-widget elementor-widget-text-editor\" data-id=\"55359e9c\" data-element_type=\"widget\" data-widget_type=\"text-editor.default\">\n\t\t\t\t<div class=\"elementor-widget-container\">\n\t\t\t\t\t\t\t<p><a href=\"https:\/\/naturheilpraxis-andrea-nawka.de\/index.php\/privacy-policy\/\">Datenschutzerkl\u00e4rung<\/a><\/p>\t\t\t\t\t\t<\/div>\n\t\t\t\t<\/div>\n\t\t\t\t\t<\/div>\n\t\t<\/div>\n\t\t\t\t\t\t\t<\/div>\n\t\t<\/section>\n\t\t\t\t\t<\/div>\n\t\t<\/div>\n\t\t\t\t\t\t\t<\/div>\n\t\t<\/section>\n\t\t\t\t\t\t\t<\/div>\n\t\t","protected":false},"excerpt":{"rendered":"<p>Praxis f\u00fcr Naturheilverfahren Dr. med. Andrea Nawka Mein Anliegen \u00dcber mich Therapieangebot Naturheilverfahren Funktionelle Entspannung Kontakt Funktionelle Entspannung \u201eDie Funktionelle Entspannung versteht sich als k\u00f6rperzentrierte psychodynamische Psychotherapiemethode. Sie geht von einem ganzheitlichen Menschenbild aus, in dem das K\u00f6rpererleben im Zentrum steht. Dar\u00fcber soll eine bessere Selbstakzeptanz und eine Bef\u00e4higung zur Selbstregulation vermittelt werden. Beides sind&hellip;&nbsp;<a href=\"https:\/\/naturheilpraxis-andrea-nawka.de\/index.php\/funktionelle-entspannung-2\/\" class=\"\" rel=\"bookmark\">Weiterlesen &raquo;<span class=\"screen-reader-text\">Funktionelle Entspannung<\/span><\/a><\/p>\n","protected":false},"author":1,"featured_media":0,"parent":0,"menu_order":0,"comment_status":"closed","ping_status":"closed","template":"","meta":{"neve_meta_sidebar":"","neve_meta_container":"","neve_meta_enable_content_width":"off","neve_meta_content_width":0,"neve_meta_title_alignment":"","neve_meta_author_avatar":"","neve_post_elements_order":"","neve_meta_disable_header":"","neve_meta_disable_footer":"","neve_meta_disable_title":""},"_links":{"self":[{"href":"https:\/\/naturheilpraxis-andrea-nawka.de\/index.php\/wp-json\/wp\/v2\/pages\/333"}],"collection":[{"href":"https:\/\/naturheilpraxis-andrea-nawka.de\/index.php\/wp-json\/wp\/v2\/pages"}],"about":[{"href":"https:\/\/naturheilpraxis-andrea-nawka.de\/index.php\/wp-json\/wp\/v2\/types\/page"}],"author":[{"embeddable":true,"href":"https:\/\/naturheilpraxis-andrea-nawka.de\/index.php\/wp-json\/wp\/v2\/users\/1"}],"replies":[{"embeddable":true,"href":"https:\/\/naturheilpraxis-andrea-nawka.de\/index.php\/wp-json\/wp\/v2\/comments?post=333"}],"version-history":[{"count":56,"href":"https:\/\/naturheilpraxis-andrea-nawka.de\/index.php\/wp-json\/wp\/v2\/pages\/333\/revisions"}],"predecessor-version":[{"id":876,"href":"https:\/\/naturheilpraxis-andrea-nawka.de\/index.php\/wp-json\/wp\/v2\/pages\/333\/revisions\/876"}],"wp:attachment":[{"href":"https:\/\/naturheilpraxis-andrea-nawka.de\/index.php\/wp-json\/wp\/v2\/media?parent=333"}],"curies":[{"name":"wp","href":"https:\/\/api.w.org\/{rel}","templated":true}]}}